{"id":1437,"date":"2022-12-05T18:41:49","date_gmt":"2022-12-05T15:41:49","guid":{"rendered":"https:\/\/www.albertekstil.com.tr\/?page_id=1437"},"modified":"2023-02-06T18:31:05","modified_gmt":"2023-02-06T15:31:05","slug":"ev-tekstili","status":"publish","type":"page","link":"https:\/\/www.albertekstil.com.tr\/?page_id=1437","title":{"rendered":"Ev Tekstili"},"content":{"rendered":"<p>[vc_row full_width=&#8221;stretch_row_content_no_spaces&#8221; equal_height=&#8221;yes&#8221; content_placement=&#8221;top&#8221;][vc_column]<div class=\"ult-spacer spacer-69f39bfd36e1b\" data-id=\"69f39bfd36e1b\" data-height=\"100\" data-height-mobile=\"100\" data-height-tab=\"100\" data-height-tab-portrait=\"\" data-height-mobile-landscape=\"\" style=\"clear:both;display:block;\"><\/div>[\/vc_column][vc_column width=&#8221;1\/2&#8243; css=&#8221;.vc_custom_1673717967205{padding-top: 50px !important;padding-right: 50px !important;padding-bottom: 50px !important;padding-left: 50px !important;background-color: #ececec !important;}&#8221;]<style type=\"text\/css\" data-type=\"the7_shortcodes-inline-css\">.shortcode-single-image-wrap.shortcode-single-image-fc2e3009a9be80ee75bd7784f3ca0110.enable-bg-rollover .rollover i,\n.shortcode-single-image-wrap.shortcode-single-image-fc2e3009a9be80ee75bd7784f3ca0110.enable-bg-rollover .rollover-video i {\n  background: -webkit-linear-gradient();\n  background: linear-gradient();\n}\n.shortcode-single-image-wrap.shortcode-single-image-fc2e3009a9be80ee75bd7784f3ca0110 .rollover-icon {\n  font-size: 32px;\n  color: #ffffff;\n  min-width: 44px;\n  min-height: 44px;\n  line-height: 44px;\n  border-radius: 100px;\n  border-style: solid;\n  border-width: 0px;\n}\n.dt-icon-bg-on.shortcode-single-image-wrap.shortcode-single-image-fc2e3009a9be80ee75bd7784f3ca0110 .rollover-icon {\n  background: rgba(255,255,255,0.3);\n  box-shadow: none;\n}\n<\/style><div class=\"shortcode-single-image-wrap shortcode-single-image-fc2e3009a9be80ee75bd7784f3ca0110 alignnone  vc_custom_1670282121755 enable-bg-rollover dt-icon-bg-off\" ><div class=\"shortcode-single-image\"><div class=\"fancy-media-wrap  layzr-bg\" style=\"\"><img loading=\"lazy\" decoding=\"async\" class=\"preload-me lazy-load\" src=\"data:image\/svg+xml,%3Csvg%20xmlns%3D&#39;http%3A%2F%2Fwww.w3.org%2F2000%2Fsvg&#39;%20viewBox%3D&#39;0%200%201080%20540&#39;%2F%3E\" data-src=\"https:\/\/www.albertekstil.com.tr\/wp-content\/uploads\/2022\/12\/Storm-259-1080x540.jpg\" data-srcset=\"https:\/\/www.albertekstil.com.tr\/wp-content\/uploads\/2022\/12\/Storm-259-1080x540.jpg 1080w\" width=\"1080\" height=\"540\"  data-dt-location=\"https:\/\/www.albertekstil.com.tr\/?attachment_id=1467\" style=\"\" alt=\"\" \/><\/div><\/div><\/div><div id=\"ultimate-heading-787869f39bfd3a27e\" class=\"uvc-heading ult-adjust-bottom-margin ultimate-heading-787869f39bfd3a27e uvc-5051  uvc-heading-default-font-sizes\" data-hspacer=\"no_spacer\"  data-halign=\"left\" style=\"text-align:left\"><div class=\"uvc-heading-spacer no_spacer\" style=\"top\"><\/div><div class=\"uvc-main-heading ult-responsive\"  data-ultimate-target='.uvc-heading.ultimate-heading-787869f39bfd3a27e h2'  data-responsive-json-new='{\"font-size\":\"\",\"line-height\":\"\"}' ><h2 style=\"font-weight:bold;margin-bottom:20px;\">Havlu<\/h2><\/div><div class=\"uvc-sub-heading ult-responsive\"  data-ultimate-target='.uvc-heading.ultimate-heading-787869f39bfd3a27e .uvc-sub-heading '  data-responsive-json-new='{\"font-size\":\"\",\"line-height\":\"\"}'  style=\"font-weight:normal;margin-bottom:30px;\">Bildi\u011fimiz ve sevdi\u011fimiz be\u015f y\u0131ld\u0131zl\u0131 otellerden ilham alan, kaliteli T\u00fcrk pamu\u011fundan \u00fcretilen 360, 500, 800 GSM el, y\u00fcz havlular\u0131 ve banyo paspaslar\u0131 ile kendinizi \u015f\u0131mart\u0131n.\u00a0T\u00fcm tarzlara ve dekorlara uyacak \u015fekilde tasarlanm\u0131\u015f, \u00fcst\u00fcn dayan\u0131kl\u0131l\u0131k sa\u011flayan dokumaya sahip, uzun pamuk liflerinden yap\u0131lan havlular\u0131m\u0131zda en sevdi\u011finiz yumu\u015fat\u0131c\u0131y\u0131 kullanarak\u00a0g\u00fcnl\u00fck spa deneyimini evinize getirin.<\/div><\/div><style type=\"text\/css\" data-type=\"the7_shortcodes-inline-css\">#default-btn-b964c408b986d2f915642162f2e6e55b.ico-right-side > i {\n  margin-right: 0px;\n  margin-left: 8px;\n}\n#default-btn-b964c408b986d2f915642162f2e6e55b > i {\n  margin-right: 8px;\n}\n<\/style><a href=\"https:\/\/www.albertekstil.com.tr\/?dt_gallery=havlu\" class=\"default-btn-shortcode dt-btn dt-btn-m link-hover-off ico-right-side btn-inline-left \" id=\"default-btn-b964c408b986d2f915642162f2e6e55b\" title=\"Havlu\"><span>Daha fazlas\u0131 i\u00e7in<\/span><i class=\"icomoon-the7-font-the7-arrow-13\"><\/i><\/a>[\/vc_column][vc_column width=&#8221;1\/2&#8243; css=&#8221;.vc_custom_1670282002468{padding-top: 50px !important;padding-right: 50px !important;padding-bottom: 50px !important;padding-left: 50px !important;background-color: #ffffff !important;}&#8221;]<style type=\"text\/css\" data-type=\"the7_shortcodes-inline-css\">.shortcode-single-image-wrap.shortcode-single-image-244d8082a351f88726a2f66a407b6981.enable-bg-rollover .rollover i,\n.shortcode-single-image-wrap.shortcode-single-image-244d8082a351f88726a2f66a407b6981.enable-bg-rollover .rollover-video i {\n  background: -webkit-linear-gradient();\n  background: linear-gradient();\n}\n.shortcode-single-image-wrap.shortcode-single-image-244d8082a351f88726a2f66a407b6981 .rollover-icon {\n  font-size: 32px;\n  color: #ffffff;\n  min-width: 44px;\n  min-height: 44px;\n  line-height: 44px;\n  border-radius: 100px;\n  border-style: solid;\n  border-width: 0px;\n}\n.dt-icon-bg-on.shortcode-single-image-wrap.shortcode-single-image-244d8082a351f88726a2f66a407b6981 .rollover-icon {\n  background: rgba(255,255,255,0.3);\n  box-shadow: none;\n}\n<\/style><div class=\"shortcode-single-image-wrap shortcode-single-image-244d8082a351f88726a2f66a407b6981 alignnone  vc_custom_1670282117361 enable-bg-rollover dt-icon-bg-off\" ><div class=\"shortcode-single-image\"><div class=\"fancy-media-wrap  layzr-bg\" style=\"\"><img loading=\"lazy\" decoding=\"async\" class=\"preload-me lazy-load\" src=\"data:image\/svg+xml,%3Csvg%20xmlns%3D&#39;http%3A%2F%2Fwww.w3.org%2F2000%2Fsvg&#39;%20viewBox%3D&#39;0%200%201200%20600&#39;%2F%3E\" data-src=\"https:\/\/www.albertekstil.com.tr\/wp-content\/uploads\/2022\/12\/2353-scaled-1200x600.jpg\" data-srcset=\"https:\/\/www.albertekstil.com.tr\/wp-content\/uploads\/2022\/12\/2353-scaled-1200x600.jpg 1200w, https:\/\/www.albertekstil.com.tr\/wp-content\/uploads\/2022\/12\/2353-scaled-1707x853.jpg 1707w\" width=\"1200\" height=\"600\"  data-dt-location=\"https:\/\/www.albertekstil.com.tr\/?attachment_id=1475\" style=\"\" alt=\"\" \/><\/div><\/div><\/div><div id=\"ultimate-heading-536569f39bfd3d1e0\" class=\"uvc-heading ult-adjust-bottom-margin ultimate-heading-536569f39bfd3d1e0 uvc-9015  uvc-heading-default-font-sizes\" data-hspacer=\"no_spacer\"  data-halign=\"left\" style=\"text-align:left\"><div class=\"uvc-heading-spacer no_spacer\" style=\"top\"><\/div><div class=\"uvc-main-heading ult-responsive\"  data-ultimate-target='.uvc-heading.ultimate-heading-536569f39bfd3d1e0 h2'  data-responsive-json-new='{\"font-size\":\"\",\"line-height\":\"\"}' ><h2 style=\"font-weight:bold;margin-bottom:20px;\">Bornoz<\/h2><\/div><div class=\"uvc-sub-heading ult-responsive\"  data-ultimate-target='.uvc-heading.ultimate-heading-536569f39bfd3d1e0 .uvc-sub-heading '  data-responsive-json-new='{\"font-size\":\"\",\"line-height\":\"\"}'  style=\"font-weight:normal;margin-bottom:30px;\">Pamuk, Bambu-Polyester, Polyester elyaf i\u00e7eriklerinde bornoz ve sabahl\u0131klar\u0131m\u0131zla ar\u0131nd\u0131r\u0131c\u0131 bir du\u015f sonras\u0131 bornozlar\u0131m\u0131zla kuruman\u0131za yard\u0131mc\u0131 olabilir veya g\u00fcn\u00fcn herhangi bir saatinde kendinizi \u00fc\u015fenge\u00e7 hissetti\u011finiz anlarda sabahl\u0131k olarak sizi sar\u0131p sarmayabiliriz.<\/div><\/div><style type=\"text\/css\" data-type=\"the7_shortcodes-inline-css\">#default-btn-e890b1f9a47cb94de01ddcf7ccd84783.ico-right-side > i {\n  margin-right: 0px;\n  margin-left: 8px;\n}\n#default-btn-e890b1f9a47cb94de01ddcf7ccd84783 > i {\n  margin-right: 8px;\n}\n<\/style><a href=\"https:\/\/www.albertekstil.com.tr\/?dt_gallery=bornoz\" class=\"default-btn-shortcode dt-btn dt-btn-m link-hover-off ico-right-side btn-inline-left \" id=\"default-btn-e890b1f9a47cb94de01ddcf7ccd84783\" title=\"Bornoz\"><span>Daha fazlas\u0131 i\u00e7in<\/span><i class=\"icomoon-the7-font-the7-arrow-13\"><\/i><\/a>[\/vc_column][\/vc_row][vc_row full_width=&#8221;stretch_row_content_no_spaces&#8221; equal_height=&#8221;yes&#8221; content_placement=&#8221;top&#8221; el_class=&#8221;reverse-row-on-mobile&#8221;][vc_column width=&#8221;1\/2&#8243; css=&#8221;.vc_custom_1571571586508{padding: 50px !important;background-color: #fbfafa !important;}&#8221;]<style type=\"text\/css\" data-type=\"the7_shortcodes-inline-css\">.shortcode-single-image-wrap.shortcode-single-image-276f3bc5213619c6b6e0911a828af66f.enable-bg-rollover .rollover i,\n.shortcode-single-image-wrap.shortcode-single-image-276f3bc5213619c6b6e0911a828af66f.enable-bg-rollover .rollover-video i {\n  background: -webkit-linear-gradient();\n  background: linear-gradient();\n}\n.shortcode-single-image-wrap.shortcode-single-image-276f3bc5213619c6b6e0911a828af66f .rollover-icon {\n  font-size: 32px;\n  color: #ffffff;\n  min-width: 44px;\n  min-height: 44px;\n  line-height: 44px;\n  border-radius: 100px;\n  border-style: solid;\n  border-width: 0px;\n}\n.dt-icon-bg-on.shortcode-single-image-wrap.shortcode-single-image-276f3bc5213619c6b6e0911a828af66f .rollover-icon {\n  background: rgba(255,255,255,0.3);\n  box-shadow: none;\n}\n<\/style><div class=\"shortcode-single-image-wrap shortcode-single-image-276f3bc5213619c6b6e0911a828af66f alignnone  vc_custom_1673017930565 enable-bg-rollover dt-icon-bg-off\" ><div class=\"shortcode-single-image\"><div class=\"fancy-media-wrap  layzr-bg\" style=\"\"><img loading=\"lazy\" decoding=\"async\" class=\"preload-me lazy-load\" src=\"data:image\/svg+xml,%3Csvg%20xmlns%3D&#39;http%3A%2F%2Fwww.w3.org%2F2000%2Fsvg&#39;%20viewBox%3D&#39;0%200%201200%20600&#39;%2F%3E\" data-src=\"https:\/\/www.albertekstil.com.tr\/wp-content\/uploads\/2023\/01\/terlik-1200x600.jpg\" data-srcset=\"https:\/\/www.albertekstil.com.tr\/wp-content\/uploads\/2023\/01\/terlik-1200x600.jpg 1200w, https:\/\/www.albertekstil.com.tr\/wp-content\/uploads\/2023\/01\/terlik-2000x1000.jpg 2000w\" width=\"1200\" height=\"600\"  data-dt-location=\"https:\/\/www.albertekstil.com.tr\/?attachment_id=1795\" style=\"\" alt=\"\" \/><\/div><\/div><\/div><div id=\"ultimate-heading-751269f39bfd3f6b9\" class=\"uvc-heading ult-adjust-bottom-margin ultimate-heading-751269f39bfd3f6b9 uvc-5137  uvc-heading-default-font-sizes\" data-hspacer=\"no_spacer\"  data-halign=\"left\" style=\"text-align:left\"><div class=\"uvc-heading-spacer no_spacer\" style=\"top\"><\/div><div class=\"uvc-main-heading ult-responsive\"  data-ultimate-target='.uvc-heading.ultimate-heading-751269f39bfd3f6b9 h2'  data-responsive-json-new='{\"font-size\":\"\",\"line-height\":\"\"}' ><h2 style=\"font-weight:bold;margin-bottom:20px;\">Terlik Kuma\u015f\u0131<\/h2><\/div><div class=\"uvc-sub-heading ult-responsive\"  data-ultimate-target='.uvc-heading.ultimate-heading-751269f39bfd3f6b9 .uvc-sub-heading '  data-responsive-json-new='{\"font-size\":\"\",\"line-height\":\"\"}'  style=\"font-weight:normal;margin-bottom:30px;\">%100 Polyester&#8217;den \u00f6r\u00fclm\u00fc\u015f ham, boyal\u0131 ya da f\u0131r\u00e7alan\u0131p t\u0131ra\u015flanm\u0131\u015f, kaliteli ve Oeko-tex Standart100 belgeli kuma\u015flar\u0131m\u0131z ile markan\u0131za g\u00fcven duyulmas\u0131n\u0131 sa\u011flay\u0131n.<\/div><\/div><style type=\"text\/css\" data-type=\"the7_shortcodes-inline-css\">#default-btn-08f3215fbf8ea0f513a73c5c76219e1d.ico-right-side > i {\n  margin-right: 0px;\n  margin-left: 8px;\n}\n#default-btn-08f3215fbf8ea0f513a73c5c76219e1d > i {\n  margin-right: 8px;\n}\n<\/style><a href=\"https:\/\/www.albertekstil.com.tr\/?dt_gallery=terlik-kumasi\" class=\"default-btn-shortcode dt-btn dt-btn-m link-hover-off ico-right-side btn-inline-left \" id=\"default-btn-08f3215fbf8ea0f513a73c5c76219e1d\" title=\"Terlik Kuma\u015f\u0131\"><span>Daha fazlas\u0131 i\u00e7in<\/span><i class=\"icomoon-the7-font-the7-arrow-13\"><\/i><\/a>[\/vc_column][vc_column width=&#8221;1\/2&#8243; css=&#8221;.vc_custom_1571571688250{padding: 50px !important;background-color: #ececec !important;}&#8221;]<style type=\"text\/css\" data-type=\"the7_shortcodes-inline-css\">.shortcode-single-image-wrap.shortcode-single-image-fbdf16968904e94a3a85c90482fb0a93.enable-bg-rollover .rollover i,\n.shortcode-single-image-wrap.shortcode-single-image-fbdf16968904e94a3a85c90482fb0a93.enable-bg-rollover .rollover-video i {\n  background: -webkit-linear-gradient();\n  background: linear-gradient();\n}\n.shortcode-single-image-wrap.shortcode-single-image-fbdf16968904e94a3a85c90482fb0a93 .rollover-icon {\n  font-size: 32px;\n  color: #ffffff;\n  min-width: 44px;\n  min-height: 44px;\n  line-height: 44px;\n  border-radius: 100px;\n  border-style: solid;\n  border-width: 0px;\n}\n.dt-icon-bg-on.shortcode-single-image-wrap.shortcode-single-image-fbdf16968904e94a3a85c90482fb0a93 .rollover-icon {\n  background: rgba(255,255,255,0.3);\n  box-shadow: none;\n}\n<\/style><div class=\"shortcode-single-image-wrap shortcode-single-image-fbdf16968904e94a3a85c90482fb0a93 alignnone  vc_custom_1674229009383 enable-bg-rollover dt-icon-bg-off\" ><div class=\"shortcode-single-image\"><div class=\"fancy-media-wrap  layzr-bg\" style=\"\"><img loading=\"lazy\" decoding=\"async\" class=\"preload-me lazy-load\" src=\"data:image\/svg+xml,%3Csvg%20xmlns%3D&#39;http%3A%2F%2Fwww.w3.org%2F2000%2Fsvg&#39;%20viewBox%3D&#39;0%200%201200%20600&#39;%2F%3E\" data-src=\"https:\/\/www.albertekstil.com.tr\/wp-content\/uploads\/2022\/12\/wellsoft-scaled-1200x600.jpg\" data-srcset=\"https:\/\/www.albertekstil.com.tr\/wp-content\/uploads\/2022\/12\/wellsoft-scaled-1200x600.jpg 1200w, https:\/\/www.albertekstil.com.tr\/wp-content\/uploads\/2022\/12\/wellsoft-scaled-2400x1200.jpg 2400w\" width=\"1200\" height=\"600\"  data-dt-location=\"https:\/\/www.albertekstil.com.tr\/?attachment_id=1794\" style=\"\" alt=\"\" \/><\/div><\/div><\/div><div id=\"ultimate-heading-276969f39bfd4118d\" class=\"uvc-heading ult-adjust-bottom-margin ultimate-heading-276969f39bfd4118d uvc-3698  uvc-heading-default-font-sizes\" data-hspacer=\"no_spacer\"  data-halign=\"left\" style=\"text-align:left\"><div class=\"uvc-heading-spacer no_spacer\" style=\"top\"><\/div><div class=\"uvc-main-heading ult-responsive\"  data-ultimate-target='.uvc-heading.ultimate-heading-276969f39bfd4118d h2'  data-responsive-json-new='{\"font-size\":\"\",\"line-height\":\"\"}' ><h2 style=\"font-weight:bold;margin-bottom:20px;\">Wellsoft Kuma\u015f<\/h2><\/div><div class=\"uvc-sub-heading ult-responsive\"  data-ultimate-target='.uvc-heading.ultimate-heading-276969f39bfd4118d .uvc-sub-heading '  data-responsive-json-new='{\"font-size\":\"\",\"line-height\":\"\"}'  style=\"font-weight:normal;margin-bottom:30px;\">G\u00fcn\u00fcm\u00fczde kullan\u0131m alanlar\u0131 olduk\u00e7a \u00e7e\u015fitlilik g\u00f6steren Welsoft kuma\u015flar; rahat ve yumu\u015fak dokusu, anti-bakteriyel olmas\u0131, hava ge\u00e7irgenli\u011fi, s\u0131cak tutu\u015fu, t\u00fcylenme ve \u00e7ekme yapmamas\u0131 gibi pek \u00e7ok \u00f6zelli\u011fe sahiptir. Bir kuma\u015ftan daha ne beklenir ki&#8230;<\/div><\/div><style type=\"text\/css\" data-type=\"the7_shortcodes-inline-css\">#default-btn-cce40f86c3198317e836e2383e7975a9.ico-right-side > i {\n  margin-right: 0px;\n  margin-left: 8px;\n}\n#default-btn-cce40f86c3198317e836e2383e7975a9 > i {\n  margin-right: 8px;\n}\n<\/style><a href=\"https:\/\/www.albertekstil.com.tr\/?dt_gallery=wellsoft-kumas\" class=\"default-btn-shortcode dt-btn dt-btn-m link-hover-off ico-right-side btn-inline-left \" id=\"default-btn-cce40f86c3198317e836e2383e7975a9\" title=\"Wellsoft Kuma\u015f\"><span>Daha fazlas\u0131 i\u00e7in<\/span><i class=\"icomoon-the7-font-the7-arrow-13\"><\/i><\/a>[\/vc_column][\/vc_row][vc_row full_width=&#8221;stretch_row_content_no_spaces&#8221; equal_height=&#8221;yes&#8221; content_placement=&#8221;top&#8221; el_class=&#8221;reverse-row-on-mobile&#8221;][vc_column width=&#8221;1\/2&#8243; css=&#8221;.vc_custom_1673718021623{padding-top: 50px !important;padding-right: 50px !important;padding-bottom: 50px !important;padding-left: 50px !important;background-color: #ececec !important;}&#8221;]<style type=\"text\/css\" data-type=\"the7_shortcodes-inline-css\">.shortcode-single-image-wrap.shortcode-single-image-3daaad3b67c80653c272a3364bac071d.enable-bg-rollover .rollover i,\n.shortcode-single-image-wrap.shortcode-single-image-3daaad3b67c80653c272a3364bac071d.enable-bg-rollover .rollover-video i {\n  background: -webkit-linear-gradient();\n  background: linear-gradient();\n}\n.shortcode-single-image-wrap.shortcode-single-image-3daaad3b67c80653c272a3364bac071d .rollover-icon {\n  font-size: 32px;\n  color: #ffffff;\n  min-width: 44px;\n  min-height: 44px;\n  line-height: 44px;\n  border-radius: 100px;\n  border-style: solid;\n  border-width: 0px;\n}\n.dt-icon-bg-on.shortcode-single-image-wrap.shortcode-single-image-3daaad3b67c80653c272a3364bac071d .rollover-icon {\n  background: rgba(255,255,255,0.3);\n  box-shadow: none;\n}\n<\/style><div class=\"shortcode-single-image-wrap shortcode-single-image-3daaad3b67c80653c272a3364bac071d alignnone  vc_custom_1670284205514 enable-bg-rollover dt-icon-bg-off\" ><div class=\"shortcode-single-image\"><div class=\"fancy-media-wrap  layzr-bg\" style=\"\"><img loading=\"lazy\" decoding=\"async\" class=\"preload-me lazy-load\" src=\"data:image\/svg+xml,%3Csvg%20xmlns%3D&#39;http%3A%2F%2Fwww.w3.org%2F2000%2Fsvg&#39;%20viewBox%3D&#39;0%200%20822%20411&#39;%2F%3E\" data-src=\"https:\/\/www.albertekstil.com.tr\/wp-content\/uploads\/2022\/12\/7d15abae-d5ff-42d5-a04f-2e3764f7ba58-822x411.jpg\" data-srcset=\"https:\/\/www.albertekstil.com.tr\/wp-content\/uploads\/2022\/12\/7d15abae-d5ff-42d5-a04f-2e3764f7ba58-822x411.jpg 822w\" width=\"822\" height=\"411\"  data-dt-location=\"https:\/\/www.albertekstil.com.tr\/?attachment_id=1482\" style=\"\" alt=\"\" \/><\/div><\/div><\/div><div id=\"ultimate-heading-518769f39bfd42b34\" class=\"uvc-heading ult-adjust-bottom-margin ultimate-heading-518769f39bfd42b34 uvc-4976  uvc-heading-default-font-sizes\" data-hspacer=\"no_spacer\"  data-halign=\"left\" style=\"text-align:left\"><div class=\"uvc-heading-spacer no_spacer\" style=\"top\"><\/div><div class=\"uvc-main-heading ult-responsive\"  data-ultimate-target='.uvc-heading.ultimate-heading-518769f39bfd42b34 h2'  data-responsive-json-new='{\"font-size\":\"\",\"line-height\":\"\"}' ><h2 style=\"font-weight:bold;margin-bottom:20px;\">Otel Grubu<\/h2><\/div><div class=\"uvc-sub-heading ult-responsive\"  data-ultimate-target='.uvc-heading.ultimate-heading-518769f39bfd42b34 .uvc-sub-heading '  data-responsive-json-new='{\"font-size\":\"\",\"line-height\":\"\"}'  style=\"font-weight:normal;margin-bottom:30px;\">Yurti\u00e7i ve Yurtd\u0131\u015f\u0131nda bir\u00e7ok otel, spa ve bak\u0131mevi i\u00e7in m\u00fc\u015fteri taleplerine uygun elyaf i\u00e7eri\u011fi, gramaj ve ebatlarda 50*90 cm ve 70*140 cm havlu, bornoz, 50*70 cm ayak havlusu, spa ete\u011fi, kese, bone, sa\u00e7 band\u0131, spa yatak koruyucu, s\u0131v\u0131 ge\u00e7irmez \u00f6nl\u00fck \u00fcretimi yaparak nihai m\u00fc\u015fteriler i\u00e7in hayat\u0131 kolayla\u015ft\u0131ran ve l\u00fcks \u00e7\u00f6z\u00fcmler \u00fcretmekteyiz.<\/div><\/div><style type=\"text\/css\" data-type=\"the7_shortcodes-inline-css\">#default-btn-73f59c612261466f8325bbac7107640a.ico-right-side > i {\n  margin-right: 0px;\n  margin-left: 8px;\n}\n#default-btn-73f59c612261466f8325bbac7107640a > i {\n  margin-right: 8px;\n}\n<\/style><a href=\"https:\/\/www.albertekstil.com.tr\/?dt_gallery=otel-grubu\" class=\"default-btn-shortcode dt-btn dt-btn-m link-hover-off ico-right-side btn-inline-left \" id=\"default-btn-73f59c612261466f8325bbac7107640a\" title=\"Otel Grubu\"><span>Daha fazlas\u0131 i\u00e7in<\/span><i class=\"icomoon-the7-font-the7-arrow-13\"><\/i><\/a>[\/vc_column][\/vc_row][vc_row][vc_column]<div class=\"ult-spacer spacer-69f39bfd42c1f\" data-id=\"69f39bfd42c1f\" data-height=\"100\" data-height-mobile=\"100\" data-height-tab=\"100\" data-height-tab-portrait=\"\" data-height-mobile-landscape=\"\" style=\"clear:both;display:block;\"><\/div>[\/vc_column][\/vc_row]<\/p>\n","protected":false},"excerpt":{"rendered":"<p>[vc_row full_width=&#8221;stretch_row_content_no_spaces&#8221; equal_height=&#8221;yes&#8221; content_placement=&#8221;top&#8221;][vc_column][\/vc_column][vc_column width=&#8221;1\/2&#8243; css=&#8221;.vc_custom_1673717967205{padding-top: 50px !important;padding-right: 50px !important;padding-bottom: 50px !important;padding-left: 50px !important;background-color: #ececec !important;}&#8221;][\/vc_column][vc_column width=&#8221;1\/2&#8243; css=&#8221;.vc_custom_1670282002468{padding-top: 50px !important;padding-right: 50px !important;padding-bottom: 50px !important;padding-left: 50px !important;background-color: #ffffff !important;}&#8221;][\/vc_column][\/vc_row][vc_row full_width=&#8221;stretch_row_content_no_spaces&#8221; equal_height=&#8221;yes&#8221; content_placement=&#8221;top&#8221; el_class=&#8221;reverse-row-on-mobile&#8221;][vc_column width=&#8221;1\/2&#8243; css=&#8221;.vc_custom_1571571586508{padding: 50px !important;background-color: #fbfafa !important;}&#8221;][\/vc_column][vc_column width=&#8221;1\/2&#8243; css=&#8221;.vc_custom_1571571688250{padding: 50px !important;background-color: #ececec !important;}&#8221;][\/vc_column][\/vc_row][vc_row full_width=&#8221;stretch_row_content_no_spaces&#8221; equal_height=&#8221;yes&#8221; content_placement=&#8221;top&#8221; el_class=&#8221;reverse-row-on-mobile&#8221;][vc_column width=&#8221;1\/2&#8243; css=&#8221;.vc_custom_1673718021623{padding-top: 50px !important;padding-right: 50px !important;padding-bottom: 50px&hellip;<\/p>\n","protected":false},"author":1,"featured_media":0,"parent":0,"menu_order":25,"comment_status":"closed","ping_status":"closed","template":"","meta":{"footnotes":""},"class_list":["post-1437","page","type-page","status-publish","hentry","description-off"],"yoast_head":"<!-- This site is optimized with the Yoast SEO plugin v19.14 - https:\/\/yoast.com\/wordpress\/plugins\/seo\/ -->\n<title>Ev Tekstili - Denizli Alber Tekstil<\/title>\n<meta name=\"description\" content=\"\u0130stedi\u011finiz gramaj ve ebatlarda havlu, bornoz, \u00e7ar\u015faf ve otel gruplar\u0131nda sizlere kaliteyi en iyi fiyatlarla sunmak i\u00e7in \u00e7al\u0131\u015f\u0131yoruz.\" \/>\n<meta name=\"robots\" content=\"index, follow, max-snippet:-1, max-image-preview:large, max-video-preview:-1\" \/>\n<link rel=\"canonical\" href=\"https:\/\/www.albertekstil.com.tr\/?page_id=1437\" \/>\n<meta property=\"og:locale\" content=\"tr_TR\" \/>\n<meta property=\"og:type\" content=\"article\" \/>\n<meta property=\"og:title\" content=\"Ev Tekstili - Denizli Alber Tekstil\" \/>\n<meta property=\"og:description\" content=\"\u0130stedi\u011finiz gramaj ve ebatlarda havlu, bornoz, \u00e7ar\u015faf ve otel gruplar\u0131nda sizlere kaliteyi en iyi fiyatlarla sunmak i\u00e7in \u00e7al\u0131\u015f\u0131yoruz.\" \/>\n<meta property=\"og:url\" content=\"https:\/\/www.albertekstil.com.tr\/?page_id=1437\" \/>\n<meta property=\"og:site_name\" content=\"Denizli Alber Tekstil\" \/>\n<meta property=\"article:modified_time\" content=\"2023-02-06T15:31:05+00:00\" \/>\n<meta name=\"twitter:card\" content=\"summary_large_image\" \/>\n<meta name=\"twitter:label1\" content=\"Tahmini okuma s\u00fcresi\" \/>\n\t<meta name=\"twitter:data1\" content=\"3 dakika\" \/>\n<script type=\"application\/ld+json\" class=\"yoast-schema-graph\">{\"@context\":\"https:\/\/schema.org\",\"@graph\":[{\"@type\":\"WebPage\",\"@id\":\"https:\/\/www.albertekstil.com.tr\/?page_id=1437\",\"url\":\"https:\/\/www.albertekstil.com.tr\/?page_id=1437\",\"name\":\"Ev Tekstili - Denizli Alber Tekstil\",\"isPartOf\":{\"@id\":\"https:\/\/www.albertekstil.com.tr\/#website\"},\"datePublished\":\"2022-12-05T15:41:49+00:00\",\"dateModified\":\"2023-02-06T15:31:05+00:00\",\"description\":\"\u0130stedi\u011finiz gramaj ve ebatlarda havlu, bornoz, \u00e7ar\u015faf ve otel gruplar\u0131nda sizlere kaliteyi en iyi fiyatlarla sunmak i\u00e7in \u00e7al\u0131\u015f\u0131yoruz.\",\"breadcrumb\":{\"@id\":\"https:\/\/www.albertekstil.com.tr\/?page_id=1437#breadcrumb\"},\"inLanguage\":\"tr\",\"potentialAction\":[{\"@type\":\"ReadAction\",\"target\":[\"https:\/\/www.albertekstil.com.tr\/?page_id=1437\"]}]},{\"@type\":\"BreadcrumbList\",\"@id\":\"https:\/\/www.albertekstil.com.tr\/?page_id=1437#breadcrumb\",\"itemListElement\":[{\"@type\":\"ListItem\",\"position\":1,\"name\":\"Anasayfa\",\"item\":\"https:\/\/www.albertekstil.com.tr\/\"},{\"@type\":\"ListItem\",\"position\":2,\"name\":\"Ev Tekstili\"}]},{\"@type\":\"WebSite\",\"@id\":\"https:\/\/www.albertekstil.com.tr\/#website\",\"url\":\"https:\/\/www.albertekstil.com.tr\/\",\"name\":\"Denizli Alber Tekstil\",\"description\":\"\u00dcretimde m\u00fckemmellik ve yenilik\u00e7ilik\",\"publisher\":{\"@id\":\"https:\/\/www.albertekstil.com.tr\/#organization\"},\"potentialAction\":[{\"@type\":\"SearchAction\",\"target\":{\"@type\":\"EntryPoint\",\"urlTemplate\":\"https:\/\/www.albertekstil.com.tr\/?s={search_term_string}\"},\"query-input\":\"required name=search_term_string\"}],\"inLanguage\":\"tr\"},{\"@type\":\"Organization\",\"@id\":\"https:\/\/www.albertekstil.com.tr\/#organization\",\"name\":\"Denizli Alber Tekstil\",\"url\":\"https:\/\/www.albertekstil.com.tr\/\",\"logo\":{\"@type\":\"ImageObject\",\"inLanguage\":\"tr\",\"@id\":\"https:\/\/www.albertekstil.com.tr\/#\/schema\/logo\/image\/\",\"url\":\"https:\/\/www.albertekstil.com.tr\/wp-content\/uploads\/2022\/12\/387x141-Alber-Logo.png\",\"contentUrl\":\"https:\/\/www.albertekstil.com.tr\/wp-content\/uploads\/2022\/12\/387x141-Alber-Logo.png\",\"width\":387,\"height\":141,\"caption\":\"Denizli Alber Tekstil\"},\"image\":{\"@id\":\"https:\/\/www.albertekstil.com.tr\/#\/schema\/logo\/image\/\"},\"sameAs\":[\"https:\/\/www.instagram.com\/albertekstil\/\"]}]}<\/script>\n<!-- \/ Yoast SEO plugin. -->","yoast_head_json":{"title":"Ev Tekstili - Denizli Alber Tekstil","description":"\u0130stedi\u011finiz gramaj ve ebatlarda havlu, bornoz, \u00e7ar\u015faf ve otel gruplar\u0131nda sizlere kaliteyi en iyi fiyatlarla sunmak i\u00e7in \u00e7al\u0131\u015f\u0131yoruz.","robots":{"index":"index","follow":"follow","max-snippet":"max-snippet:-1","max-image-preview":"max-image-preview:large","max-video-preview":"max-video-preview:-1"},"canonical":"https:\/\/www.albertekstil.com.tr\/?page_id=1437","og_locale":"tr_TR","og_type":"article","og_title":"Ev Tekstili - Denizli Alber Tekstil","og_description":"\u0130stedi\u011finiz gramaj ve ebatlarda havlu, bornoz, \u00e7ar\u015faf ve otel gruplar\u0131nda sizlere kaliteyi en iyi fiyatlarla sunmak i\u00e7in \u00e7al\u0131\u015f\u0131yoruz.","og_url":"https:\/\/www.albertekstil.com.tr\/?page_id=1437","og_site_name":"Denizli Alber Tekstil","article_modified_time":"2023-02-06T15:31:05+00:00","twitter_card":"summary_large_image","twitter_misc":{"Tahmini okuma s\u00fcresi":"3 dakika"},"schema":{"@context":"https:\/\/schema.org","@graph":[{"@type":"WebPage","@id":"https:\/\/www.albertekstil.com.tr\/?page_id=1437","url":"https:\/\/www.albertekstil.com.tr\/?page_id=1437","name":"Ev Tekstili - Denizli Alber Tekstil","isPartOf":{"@id":"https:\/\/www.albertekstil.com.tr\/#website"},"datePublished":"2022-12-05T15:41:49+00:00","dateModified":"2023-02-06T15:31:05+00:00","description":"\u0130stedi\u011finiz gramaj ve ebatlarda havlu, bornoz, \u00e7ar\u015faf ve otel gruplar\u0131nda sizlere kaliteyi en iyi fiyatlarla sunmak i\u00e7in \u00e7al\u0131\u015f\u0131yoruz.","breadcrumb":{"@id":"https:\/\/www.albertekstil.com.tr\/?page_id=1437#breadcrumb"},"inLanguage":"tr","potentialAction":[{"@type":"ReadAction","target":["https:\/\/www.albertekstil.com.tr\/?page_id=1437"]}]},{"@type":"BreadcrumbList","@id":"https:\/\/www.albertekstil.com.tr\/?page_id=1437#breadcrumb","itemListElement":[{"@type":"ListItem","position":1,"name":"Anasayfa","item":"https:\/\/www.albertekstil.com.tr\/"},{"@type":"ListItem","position":2,"name":"Ev Tekstili"}]},{"@type":"WebSite","@id":"https:\/\/www.albertekstil.com.tr\/#website","url":"https:\/\/www.albertekstil.com.tr\/","name":"Denizli Alber Tekstil","description":"\u00dcretimde m\u00fckemmellik ve yenilik\u00e7ilik","publisher":{"@id":"https:\/\/www.albertekstil.com.tr\/#organization"},"potentialAction":[{"@type":"SearchAction","target":{"@type":"EntryPoint","urlTemplate":"https:\/\/www.albertekstil.com.tr\/?s={search_term_string}"},"query-input":"required name=search_term_string"}],"inLanguage":"tr"},{"@type":"Organization","@id":"https:\/\/www.albertekstil.com.tr\/#organization","name":"Denizli Alber Tekstil","url":"https:\/\/www.albertekstil.com.tr\/","logo":{"@type":"ImageObject","inLanguage":"tr","@id":"https:\/\/www.albertekstil.com.tr\/#\/schema\/logo\/image\/","url":"https:\/\/www.albertekstil.com.tr\/wp-content\/uploads\/2022\/12\/387x141-Alber-Logo.png","contentUrl":"https:\/\/www.albertekstil.com.tr\/wp-content\/uploads\/2022\/12\/387x141-Alber-Logo.png","width":387,"height":141,"caption":"Denizli Alber Tekstil"},"image":{"@id":"https:\/\/www.albertekstil.com.tr\/#\/schema\/logo\/image\/"},"sameAs":["https:\/\/www.instagram.com\/albertekstil\/"]}]}},"_links":{"self":[{"href":"https:\/\/www.albertekstil.com.tr\/index.php?rest_route=\/wp\/v2\/pages\/1437","targetHints":{"allow":["GET"]}}],"collection":[{"href":"https:\/\/www.albertekstil.com.tr\/index.php?rest_route=\/wp\/v2\/pages"}],"about":[{"href":"https:\/\/www.albertekstil.com.tr\/index.php?rest_route=\/wp\/v2\/types\/page"}],"author":[{"embeddable":true,"href":"https:\/\/www.albertekstil.com.tr\/index.php?rest_route=\/wp\/v2\/users\/1"}],"replies":[{"embeddable":true,"href":"https:\/\/www.albertekstil.com.tr\/index.php?rest_route=%2Fwp%2Fv2%2Fcomments&post=1437"}],"version-history":[{"count":32,"href":"https:\/\/www.albertekstil.com.tr\/index.php?rest_route=\/wp\/v2\/pages\/1437\/revisions"}],"predecessor-version":[{"id":2031,"href":"https:\/\/www.albertekstil.com.tr\/index.php?rest_route=\/wp\/v2\/pages\/1437\/revisions\/2031"}],"wp:attachment":[{"href":"https:\/\/www.albertekstil.com.tr\/index.php?rest_route=%2Fwp%2Fv2%2Fmedia&parent=1437"}],"curies":[{"name":"wp","href":"https:\/\/api.w.org\/{rel}","templated":true}]}}