{"id":1446,"date":"2022-12-05T19:08:47","date_gmt":"2022-12-05T16:08:47","guid":{"rendered":"https:\/\/www.albertekstil.com.tr\/?page_id=1446"},"modified":"2023-02-06T18:16:56","modified_gmt":"2023-02-06T15:16:56","slug":"carsaf","status":"publish","type":"page","link":"https:\/\/www.albertekstil.com.tr\/?page_id=1446","title":{"rendered":"\u00c7ar\u015faf"},"content":{"rendered":"<p>[vc_row][vc_column]<div class=\"ult-spacer spacer-69f39caebcae5\" data-id=\"69f39caebcae5\" data-height=\"100\" data-height-mobile=\"100\" data-height-tab=\"100\" data-height-tab-portrait=\"\" data-height-mobile-landscape=\"\" style=\"clear:both;display:block;\"><\/div>[\/vc_column][\/vc_row][vc_row full_width=&#8221;stretch_row_content_no_spaces&#8221; equal_height=&#8221;yes&#8221; content_placement=&#8221;top&#8221;][vc_column width=&#8221;1\/2&#8243; css=&#8221;.vc_custom_1571571461349{padding-top: 50px !important;padding-right: 50px !important;padding-bottom: 50px !important;padding-left: 50px !important;background-color: #ececec !important;}&#8221;]<style type=\"text\/css\" data-type=\"the7_shortcodes-inline-css\">.shortcode-single-image-wrap.shortcode-single-image-f638afa225c564d0831dfe365eabb42e.enable-bg-rollover .rollover i,\n.shortcode-single-image-wrap.shortcode-single-image-f638afa225c564d0831dfe365eabb42e.enable-bg-rollover .rollover-video i {\n  background: -webkit-linear-gradient();\n  background: linear-gradient();\n}\n.shortcode-single-image-wrap.shortcode-single-image-f638afa225c564d0831dfe365eabb42e .rollover-icon {\n  font-size: 32px;\n  color: #ffffff;\n  min-width: 44px;\n  min-height: 44px;\n  line-height: 44px;\n  border-radius: 100px;\n  border-style: solid;\n  border-width: 0px;\n}\n.dt-icon-bg-on.shortcode-single-image-wrap.shortcode-single-image-f638afa225c564d0831dfe365eabb42e .rollover-icon {\n  background: rgba(255,255,255,0.3);\n  box-shadow: none;\n}\n<\/style><div class=\"shortcode-single-image-wrap shortcode-single-image-f638afa225c564d0831dfe365eabb42e alignnone  vc_custom_1673019170345 enable-bg-rollover dt-icon-bg-off\" ><div class=\"shortcode-single-image\"><div class=\"fancy-media-wrap  layzr-bg\" style=\"\"><img loading=\"lazy\" decoding=\"async\" class=\"preload-me lazy-load\" src=\"data:image\/svg+xml,%3Csvg%20xmlns%3D&#39;http%3A%2F%2Fwww.w3.org%2F2000%2Fsvg&#39;%20viewBox%3D&#39;0%200%201200%20600&#39;%2F%3E\" data-src=\"https:\/\/www.albertekstil.com.tr\/wp-content\/uploads\/2022\/12\/fitted-carsaf-1200x600.jpg\" data-srcset=\"https:\/\/www.albertekstil.com.tr\/wp-content\/uploads\/2022\/12\/fitted-carsaf-1200x600.jpg 1200w, https:\/\/www.albertekstil.com.tr\/wp-content\/uploads\/2022\/12\/fitted-carsaf-2121x1060.jpg 2121w\" width=\"1200\" height=\"600\"  data-dt-location=\"https:\/\/www.albertekstil.com.tr\/?attachment_id=1811\" style=\"\" alt=\"\" \/><\/div><\/div><\/div><div id=\"ultimate-heading-230669f39caebfbcc\" class=\"uvc-heading ult-adjust-bottom-margin ultimate-heading-230669f39caebfbcc uvc-6315  uvc-heading-default-font-sizes\" data-hspacer=\"no_spacer\"  data-halign=\"left\" style=\"text-align:left\"><div class=\"uvc-heading-spacer no_spacer\" style=\"top\"><\/div><div class=\"uvc-main-heading ult-responsive\"  data-ultimate-target='.uvc-heading.ultimate-heading-230669f39caebfbcc h2'  data-responsive-json-new='{\"font-size\":\"\",\"line-height\":\"\"}' ><h2 style=\"font-weight:bold;margin-bottom:20px;\">Fitted \u00c7ar\u015faf<\/h2><\/div><div class=\"uvc-sub-heading ult-responsive\"  data-ultimate-target='.uvc-heading.ultimate-heading-230669f39caebfbcc .uvc-sub-heading '  data-responsive-json-new='{\"font-size\":\"\",\"line-height\":\"\"}'  style=\"font-weight:normal;margin-bottom:30px;\">Pamuklu, Pamuk-Polyester, Bambu-Pamuk \u00f6rme s\u00fcprem ve interlok fitted \u00e7ar\u015faflar\u0131m\u0131z \u00fct\u00fc gerektirmez ve yata\u011fa sorunsuzca oturur.\u00a0En sevdi\u011finiz t-shirt gibi ultra rahatt\u0131r ve ya\u015fland\u0131k\u00e7a daha iyi hale gelir, her mevsim uyumaya uygundur.<\/div><\/div><style type=\"text\/css\" data-type=\"the7_shortcodes-inline-css\">#default-btn-3aa1482adf1dd4e10359c392f9aef5a6.ico-right-side > i {\n  margin-right: 0px;\n  margin-left: 8px;\n}\n#default-btn-3aa1482adf1dd4e10359c392f9aef5a6 > i {\n  margin-right: 8px;\n}\n<\/style><a href=\"https:\/\/www.albertekstil.com.tr\/?dt_gallery=fitted-carsaf\" class=\"default-btn-shortcode dt-btn dt-btn-m link-hover-off ico-right-side btn-inline-left \" id=\"default-btn-3aa1482adf1dd4e10359c392f9aef5a6\" title=\"Fitted \u00c7ar\u015faf\"><span>Daha fazlas\u0131 i\u00e7in<\/span><i class=\"icomoon-the7-font-the7-arrow-13\"><\/i><\/a>[\/vc_column][vc_column width=&#8221;1\/2&#8243; css=&#8221;.vc_custom_1571571538201{padding: 50px !important;background-color: #fbfafa !important;}&#8221;]<style type=\"text\/css\" data-type=\"the7_shortcodes-inline-css\">.shortcode-single-image-wrap.shortcode-single-image-b58ae1bb4de11263abc1411d039cb2ab.enable-bg-rollover .rollover i,\n.shortcode-single-image-wrap.shortcode-single-image-b58ae1bb4de11263abc1411d039cb2ab.enable-bg-rollover .rollover-video i {\n  background: -webkit-linear-gradient();\n  background: linear-gradient();\n}\n.shortcode-single-image-wrap.shortcode-single-image-b58ae1bb4de11263abc1411d039cb2ab .rollover-icon {\n  font-size: 32px;\n  color: #ffffff;\n  min-width: 44px;\n  min-height: 44px;\n  line-height: 44px;\n  border-radius: 100px;\n  border-style: solid;\n  border-width: 0px;\n}\n.dt-icon-bg-on.shortcode-single-image-wrap.shortcode-single-image-b58ae1bb4de11263abc1411d039cb2ab .rollover-icon {\n  background: rgba(255,255,255,0.3);\n  box-shadow: none;\n}\n<\/style><div class=\"shortcode-single-image-wrap shortcode-single-image-b58ae1bb4de11263abc1411d039cb2ab alignnone  vc_custom_1674229533452 enable-bg-rollover dt-icon-bg-off\" ><div class=\"shortcode-single-image\"><div class=\"fancy-media-wrap  layzr-bg\" style=\"\"><img loading=\"lazy\" decoding=\"async\" class=\"preload-me lazy-load\" src=\"data:image\/svg+xml,%3Csvg%20xmlns%3D&#39;http%3A%2F%2Fwww.w3.org%2F2000%2Fsvg&#39;%20viewBox%3D&#39;0%200%201200%20600&#39;%2F%3E\" data-src=\"https:\/\/www.albertekstil.com.tr\/wp-content\/uploads\/2023\/01\/b-8-1200x600.jpg\" data-srcset=\"https:\/\/www.albertekstil.com.tr\/wp-content\/uploads\/2023\/01\/b-8-1200x600.jpg 1200w, https:\/\/www.albertekstil.com.tr\/wp-content\/uploads\/2023\/01\/b-8-1800x900.jpg 1800w\" width=\"1200\" height=\"600\"  data-dt-location=\"https:\/\/www.albertekstil.com.tr\/?attachment_id=1981\" style=\"\" alt=\"\" \/><\/div><\/div><\/div><div id=\"ultimate-heading-906169f39caec28c2\" class=\"uvc-heading ult-adjust-bottom-margin ultimate-heading-906169f39caec28c2 uvc-1877  uvc-heading-default-font-sizes\" data-hspacer=\"no_spacer\"  data-halign=\"left\" style=\"text-align:left\"><div class=\"uvc-heading-spacer no_spacer\" style=\"top\"><\/div><div class=\"uvc-main-heading ult-responsive\"  data-ultimate-target='.uvc-heading.ultimate-heading-906169f39caec28c2 h2'  data-responsive-json-new='{\"font-size\":\"\",\"line-height\":\"\"}' ><h2 style=\"font-weight:bold;margin-bottom:20px;\">Alez<\/h2><\/div><div class=\"uvc-sub-heading ult-responsive\"  data-ultimate-target='.uvc-heading.ultimate-heading-906169f39caec28c2 .uvc-sub-heading '  data-responsive-json-new='{\"font-size\":\"\",\"line-height\":\"\"}'  style=\"font-weight:normal;margin-bottom:30px;\">Pamuk, Pamuk-Polyester, Polyester elyaf i\u00e7erikleri ile microfiber veya havlu \u00f6rme kuma\u015flar\u0131m\u0131za s\u0131v\u0131 ge\u00e7irmez \u00f6zellik kazand\u0131rarak, tercih edilen renk ve ebatlarda fitted ya da lastikli alezlerimiz ile yataklar\u0131n\u0131z\u0131 koruma alt\u0131na al\u0131yoruz.<\/div><\/div><style type=\"text\/css\" data-type=\"the7_shortcodes-inline-css\">#default-btn-8c3aa3d8dfd5f808b60bff27d95813e8.ico-right-side > i {\n  margin-right: 0px;\n  margin-left: 8px;\n}\n#default-btn-8c3aa3d8dfd5f808b60bff27d95813e8 > i {\n  margin-right: 8px;\n}\n<\/style><a href=\"https:\/\/www.albertekstil.com.tr\/?dt_gallery=alez-2\" class=\"default-btn-shortcode dt-btn dt-btn-m link-hover-off ico-right-side btn-inline-left \" id=\"default-btn-8c3aa3d8dfd5f808b60bff27d95813e8\" title=\"Alez\"><span>Daha fazlas\u0131 i\u00e7in<\/span><i class=\"icomoon-the7-font-the7-arrow-13\"><\/i><\/a>[\/vc_column][\/vc_row][vc_row][vc_column]<div class=\"ult-spacer spacer-69f39caec2a2c\" data-id=\"69f39caec2a2c\" data-height=\"100\" data-height-mobile=\"100\" data-height-tab=\"100\" data-height-tab-portrait=\"\" data-height-mobile-landscape=\"\" style=\"clear:both;display:block;\"><\/div>[\/vc_column][\/vc_row]<\/p>\n","protected":false},"excerpt":{"rendered":"<p>[vc_row][vc_column][\/vc_column][\/vc_row][vc_row full_width=&#8221;stretch_row_content_no_spaces&#8221; equal_height=&#8221;yes&#8221; content_placement=&#8221;top&#8221;][vc_column width=&#8221;1\/2&#8243; css=&#8221;.vc_custom_1571571461349{padding-top: 50px !important;padding-right: 50px !important;padding-bottom: 50px !important;padding-left: 50px !important;background-color: #ececec !important;}&#8221;][\/vc_column][vc_column width=&#8221;1\/2&#8243; css=&#8221;.vc_custom_1571571538201{padding: 50px !important;background-color: #fbfafa !important;}&#8221;][\/vc_column][\/vc_row][vc_row][vc_column][\/vc_column][\/vc_row]<\/p>\n","protected":false},"author":1,"featured_media":0,"parent":0,"menu_order":25,"comment_status":"closed","ping_status":"closed","template":"","meta":{"footnotes":""},"class_list":["post-1446","page","type-page","status-publish","hentry","description-off"],"yoast_head":"<!-- This site is optimized with the Yoast SEO plugin v19.14 - https:\/\/yoast.com\/wordpress\/plugins\/seo\/ -->\n<title>\u00c7ar\u015faf ve Alez - Denizli Alber Tekstil<\/title>\n<meta name=\"description\" content=\"Pamuklu, Pamuk-Polyester, Bambu s\u00fcprem ve interlok fitted \u00e7ar\u015faflar\u0131m\u0131z ve s\u0131v\u0131 ge\u00e7irmez \u00f6zellikli alezlerimizle yataklar\u0131n\u0131z\u0131 koruma alt\u0131na al\u0131yoruz.\" \/>\n<meta name=\"robots\" content=\"index, follow, max-snippet:-1, max-image-preview:large, max-video-preview:-1\" \/>\n<link rel=\"canonical\" href=\"https:\/\/www.albertekstil.com.tr\/?page_id=1446\" \/>\n<meta property=\"og:locale\" content=\"tr_TR\" \/>\n<meta property=\"og:type\" content=\"article\" \/>\n<meta property=\"og:title\" content=\"\u00c7ar\u015faf ve Alez - Denizli Alber Tekstil\" \/>\n<meta property=\"og:description\" content=\"Pamuklu, Pamuk-Polyester, Bambu s\u00fcprem ve interlok fitted \u00e7ar\u015faflar\u0131m\u0131z ve s\u0131v\u0131 ge\u00e7irmez \u00f6zellikli alezlerimizle yataklar\u0131n\u0131z\u0131 koruma alt\u0131na al\u0131yoruz.\" \/>\n<meta property=\"og:url\" content=\"https:\/\/www.albertekstil.com.tr\/?page_id=1446\" \/>\n<meta property=\"og:site_name\" content=\"Denizli Alber Tekstil\" \/>\n<meta property=\"article:modified_time\" content=\"2023-02-06T15:16:56+00:00\" \/>\n<meta name=\"twitter:card\" content=\"summary_large_image\" \/>\n<meta name=\"twitter:label1\" content=\"Tahmini okuma s\u00fcresi\" \/>\n\t<meta name=\"twitter:data1\" content=\"1 dakika\" \/>\n<script type=\"application\/ld+json\" class=\"yoast-schema-graph\">{\"@context\":\"https:\/\/schema.org\",\"@graph\":[{\"@type\":\"WebPage\",\"@id\":\"https:\/\/www.albertekstil.com.tr\/?page_id=1446\",\"url\":\"https:\/\/www.albertekstil.com.tr\/?page_id=1446\",\"name\":\"\u00c7ar\u015faf ve Alez - Denizli Alber Tekstil\",\"isPartOf\":{\"@id\":\"https:\/\/www.albertekstil.com.tr\/#website\"},\"datePublished\":\"2022-12-05T16:08:47+00:00\",\"dateModified\":\"2023-02-06T15:16:56+00:00\",\"description\":\"Pamuklu, Pamuk-Polyester, Bambu s\u00fcprem ve interlok fitted \u00e7ar\u015faflar\u0131m\u0131z ve s\u0131v\u0131 ge\u00e7irmez \u00f6zellikli alezlerimizle yataklar\u0131n\u0131z\u0131 koruma alt\u0131na al\u0131yoruz.\",\"breadcrumb\":{\"@id\":\"https:\/\/www.albertekstil.com.tr\/?page_id=1446#breadcrumb\"},\"inLanguage\":\"tr\",\"potentialAction\":[{\"@type\":\"ReadAction\",\"target\":[\"https:\/\/www.albertekstil.com.tr\/?page_id=1446\"]}]},{\"@type\":\"BreadcrumbList\",\"@id\":\"https:\/\/www.albertekstil.com.tr\/?page_id=1446#breadcrumb\",\"itemListElement\":[{\"@type\":\"ListItem\",\"position\":1,\"name\":\"Anasayfa\",\"item\":\"https:\/\/www.albertekstil.com.tr\/\"},{\"@type\":\"ListItem\",\"position\":2,\"name\":\"\u00c7ar\u015faf\"}]},{\"@type\":\"WebSite\",\"@id\":\"https:\/\/www.albertekstil.com.tr\/#website\",\"url\":\"https:\/\/www.albertekstil.com.tr\/\",\"name\":\"Denizli Alber Tekstil\",\"description\":\"\u00dcretimde m\u00fckemmellik ve yenilik\u00e7ilik\",\"publisher\":{\"@id\":\"https:\/\/www.albertekstil.com.tr\/#organization\"},\"potentialAction\":[{\"@type\":\"SearchAction\",\"target\":{\"@type\":\"EntryPoint\",\"urlTemplate\":\"https:\/\/www.albertekstil.com.tr\/?s={search_term_string}\"},\"query-input\":\"required name=search_term_string\"}],\"inLanguage\":\"tr\"},{\"@type\":\"Organization\",\"@id\":\"https:\/\/www.albertekstil.com.tr\/#organization\",\"name\":\"Denizli Alber Tekstil\",\"url\":\"https:\/\/www.albertekstil.com.tr\/\",\"logo\":{\"@type\":\"ImageObject\",\"inLanguage\":\"tr\",\"@id\":\"https:\/\/www.albertekstil.com.tr\/#\/schema\/logo\/image\/\",\"url\":\"https:\/\/www.albertekstil.com.tr\/wp-content\/uploads\/2022\/12\/387x141-Alber-Logo.png\",\"contentUrl\":\"https:\/\/www.albertekstil.com.tr\/wp-content\/uploads\/2022\/12\/387x141-Alber-Logo.png\",\"width\":387,\"height\":141,\"caption\":\"Denizli Alber Tekstil\"},\"image\":{\"@id\":\"https:\/\/www.albertekstil.com.tr\/#\/schema\/logo\/image\/\"},\"sameAs\":[\"https:\/\/www.instagram.com\/albertekstil\/\"]}]}<\/script>\n<!-- \/ Yoast SEO plugin. -->","yoast_head_json":{"title":"\u00c7ar\u015faf ve Alez - Denizli Alber Tekstil","description":"Pamuklu, Pamuk-Polyester, Bambu s\u00fcprem ve interlok fitted \u00e7ar\u015faflar\u0131m\u0131z ve s\u0131v\u0131 ge\u00e7irmez \u00f6zellikli alezlerimizle yataklar\u0131n\u0131z\u0131 koruma alt\u0131na al\u0131yoruz.","robots":{"index":"index","follow":"follow","max-snippet":"max-snippet:-1","max-image-preview":"max-image-preview:large","max-video-preview":"max-video-preview:-1"},"canonical":"https:\/\/www.albertekstil.com.tr\/?page_id=1446","og_locale":"tr_TR","og_type":"article","og_title":"\u00c7ar\u015faf ve Alez - Denizli Alber Tekstil","og_description":"Pamuklu, Pamuk-Polyester, Bambu s\u00fcprem ve interlok fitted \u00e7ar\u015faflar\u0131m\u0131z ve s\u0131v\u0131 ge\u00e7irmez \u00f6zellikli alezlerimizle yataklar\u0131n\u0131z\u0131 koruma alt\u0131na al\u0131yoruz.","og_url":"https:\/\/www.albertekstil.com.tr\/?page_id=1446","og_site_name":"Denizli Alber Tekstil","article_modified_time":"2023-02-06T15:16:56+00:00","twitter_card":"summary_large_image","twitter_misc":{"Tahmini okuma s\u00fcresi":"1 dakika"},"schema":{"@context":"https:\/\/schema.org","@graph":[{"@type":"WebPage","@id":"https:\/\/www.albertekstil.com.tr\/?page_id=1446","url":"https:\/\/www.albertekstil.com.tr\/?page_id=1446","name":"\u00c7ar\u015faf ve Alez - Denizli Alber Tekstil","isPartOf":{"@id":"https:\/\/www.albertekstil.com.tr\/#website"},"datePublished":"2022-12-05T16:08:47+00:00","dateModified":"2023-02-06T15:16:56+00:00","description":"Pamuklu, Pamuk-Polyester, Bambu s\u00fcprem ve interlok fitted \u00e7ar\u015faflar\u0131m\u0131z ve s\u0131v\u0131 ge\u00e7irmez \u00f6zellikli alezlerimizle yataklar\u0131n\u0131z\u0131 koruma alt\u0131na al\u0131yoruz.","breadcrumb":{"@id":"https:\/\/www.albertekstil.com.tr\/?page_id=1446#breadcrumb"},"inLanguage":"tr","potentialAction":[{"@type":"ReadAction","target":["https:\/\/www.albertekstil.com.tr\/?page_id=1446"]}]},{"@type":"BreadcrumbList","@id":"https:\/\/www.albertekstil.com.tr\/?page_id=1446#breadcrumb","itemListElement":[{"@type":"ListItem","position":1,"name":"Anasayfa","item":"https:\/\/www.albertekstil.com.tr\/"},{"@type":"ListItem","position":2,"name":"\u00c7ar\u015faf"}]},{"@type":"WebSite","@id":"https:\/\/www.albertekstil.com.tr\/#website","url":"https:\/\/www.albertekstil.com.tr\/","name":"Denizli Alber Tekstil","description":"\u00dcretimde m\u00fckemmellik ve yenilik\u00e7ilik","publisher":{"@id":"https:\/\/www.albertekstil.com.tr\/#organization"},"potentialAction":[{"@type":"SearchAction","target":{"@type":"EntryPoint","urlTemplate":"https:\/\/www.albertekstil.com.tr\/?s={search_term_string}"},"query-input":"required name=search_term_string"}],"inLanguage":"tr"},{"@type":"Organization","@id":"https:\/\/www.albertekstil.com.tr\/#organization","name":"Denizli Alber Tekstil","url":"https:\/\/www.albertekstil.com.tr\/","logo":{"@type":"ImageObject","inLanguage":"tr","@id":"https:\/\/www.albertekstil.com.tr\/#\/schema\/logo\/image\/","url":"https:\/\/www.albertekstil.com.tr\/wp-content\/uploads\/2022\/12\/387x141-Alber-Logo.png","contentUrl":"https:\/\/www.albertekstil.com.tr\/wp-content\/uploads\/2022\/12\/387x141-Alber-Logo.png","width":387,"height":141,"caption":"Denizli Alber Tekstil"},"image":{"@id":"https:\/\/www.albertekstil.com.tr\/#\/schema\/logo\/image\/"},"sameAs":["https:\/\/www.instagram.com\/albertekstil\/"]}]}},"_links":{"self":[{"href":"https:\/\/www.albertekstil.com.tr\/index.php?rest_route=\/wp\/v2\/pages\/1446","targetHints":{"allow":["GET"]}}],"collection":[{"href":"https:\/\/www.albertekstil.com.tr\/index.php?rest_route=\/wp\/v2\/pages"}],"about":[{"href":"https:\/\/www.albertekstil.com.tr\/index.php?rest_route=\/wp\/v2\/types\/page"}],"author":[{"embeddable":true,"href":"https:\/\/www.albertekstil.com.tr\/index.php?rest_route=\/wp\/v2\/users\/1"}],"replies":[{"embeddable":true,"href":"https:\/\/www.albertekstil.com.tr\/index.php?rest_route=%2Fwp%2Fv2%2Fcomments&post=1446"}],"version-history":[{"count":13,"href":"https:\/\/www.albertekstil.com.tr\/index.php?rest_route=\/wp\/v2\/pages\/1446\/revisions"}],"predecessor-version":[{"id":2096,"href":"https:\/\/www.albertekstil.com.tr\/index.php?rest_route=\/wp\/v2\/pages\/1446\/revisions\/2096"}],"wp:attachment":[{"href":"https:\/\/www.albertekstil.com.tr\/index.php?rest_route=%2Fwp%2Fv2%2Fmedia&parent=1446"}],"curies":[{"name":"wp","href":"https:\/\/api.w.org\/{rel}","templated":true}]}}